{"id":17,"date":"2020-05-16T08:38:08","date_gmt":"2020-05-16T06:38:08","guid":{"rendered":"http:\/\/copro-24justice-paris.fr\/?page_id=17"},"modified":"2021-08-05T18:50:52","modified_gmt":"2021-08-05T16:50:52","slug":"actus","status":"publish","type":"page","link":"https:\/\/copro-24justice-paris.fr\/?page_id=17","title":{"rendered":"Histoire"},"content":{"rendered":"\n<h4 class=\"wp-block-heading\">Du \u00ab\u00a0sentier des vaches\u00a0\u00bb &#8230;<\/h4>\n\n\n\n<p>Le tron\u00e7on rue du Surmelin &#8211; boulevard Mortier est une partie de l&rsquo;ancien \u00ab&nbsp;sentier des Vaches&nbsp;\u00bb, appel\u00e9 plus tard \u00ab&nbsp;sentier de la Justice&nbsp;\u00bb, car il aboutissait \u00e0 la justice de la seigneurie de Charonne dont les \u00e9chelles patibulaires et les gibets \u00e9taient dress\u00e9s entre les lieux-dits Montib\u0153ufs, les Gouvieux et le parc de M\u00e9nilmontant. Cette partie est trac\u00e9e sur le plan cadastral de 1812 de la commune de Charonne jusqu&rsquo;\u00e0 son classement dans la voirie parisienne par le d\u00e9cret du 23 mai 1863. Elle prend sa d\u00e9nomination actuelle par un arr\u00eat\u00e9 du 1<sup>er<\/sup> f\u00e9vrier 1877.<\/p>\n\n\n\n<p>Le tron\u00e7on rue de la Justice-boulevard Mortier a \u00e9t\u00e9 ouvert en 1935.<\/p>\n\n\n\n<p class=\"has-text-align-right\">D&rsquo;apr\u00e8s <a rel=\"noreferrer noopener\" href=\"https:\/\/fr.wikipedia.org\/wiki\/Rue_de_la_Justice\" target=\"_blank\">Wikip\u00e9dia<\/a><\/p>\n\n\n\n<figure class=\"wp-block-image size-full\"><img loading=\"lazy\" decoding=\"async\" width=\"1005\" height=\"615\" src=\"https:\/\/copro-24justice-paris.fr\/wp-content\/uploads\/Images\/justice-paristique.png\" alt=\"\" class=\"wp-image-333\" srcset=\"https:\/\/copro-24justice-paris.fr\/wp-content\/uploads\/Images\/justice-paristique.png 1005w, https:\/\/copro-24justice-paris.fr\/wp-content\/uploads\/Images\/justice-paristique-300x184.png 300w, https:\/\/copro-24justice-paris.fr\/wp-content\/uploads\/Images\/justice-paristique-768x470.png 768w\" sizes=\"auto, (max-width: 1005px) 100vw, 1005px\" \/><\/figure>\n\n\n\n<p class=\"has-text-align-right\">D&rsquo;apr\u00e8s  \u00ab <a href=\"https:\/\/www.paristique.fr\/\">Paristique<\/a> \u00bb <\/p>\n\n\n\n<h4 class=\"wp-block-heading\">&#8230; \u00e0 la \u00ab\u00a0rue de la Justice\u00a0\u00bb<\/h4>\n\n\n\n<p>Les gibets de la justice de Charonne, les \u00e9chelles patibulaires, sont repr\u00e9sent\u00e9s sur le plan de la Seigneurerie, dat\u00e9 de 1758, entre les lieux dits Montibeuf, les Gouvieux et le parc de M\u00e9nilmontant, le long du chemin de Bagnolet au village de M\u00e9nilmontant. Une rue actuelle en a conserv\u00e9 le vocable et en indique \u00e0 peu pr\u00e8s l&#8217;emplacement : la rue de la Justice.<\/p>\n\n\n\n<p class=\"has-text-align-right\">D&rsquo;apr\u00e8s \u00ab <a href=\"https:\/\/www.bercail.com\/paris\/75020\/rue-de-la-justice\/24\" target=\"_blank\" rel=\"noreferrer noopener\">Les rues de Paris<\/a>&nbsp;\u00bb<\/p>\n\n\n\n<p>Devant l&rsquo;\u00c9glise partait de la Grande Rue de Saint- Germain (aujourd&rsquo;hui rue Saint-Blaise), chemin de Charenton ou de Saint-Mand\u00e9 \u00e0 Charonne ; une autre voie plant\u00e9e d&rsquo;arbres se d\u00e9tachait \u00e0 droite de la Grande Rue ; c&rsquo;\u00e9tait l&rsquo;avenue de Madame (depuis 1869, la rue des Orteaux), qui conduisait directement au parc de Bagnolet dont une partie \u00e9tait sur Charonne tandis que le ch\u00e2teau \u00e9tait sur Bagnolet.<\/p>\n\n\n\n<p>Ce domaine avait \u00e9t\u00e9 acquis en 1692 par la duchesse d&rsquo;Orl\u00e9ans, Mlle de Blois, fille l\u00e9gitim\u00e9e de Louis XIV et de Mme de Montespan, \u00e9pouse du R\u00e9gent ; une partie de ce parc sur Charonne, \u00e0 droite de la rue de Bagnolet, au coin de la rue des Balkans (rue aux Vaches) appartient aujourd&rsquo;hui \u00e0 l&rsquo;Hospice Debrousse avec le joli pavillon de l&rsquo;Ermitage qui fut \u00e0 la R\u00e9volution la r\u00e9sidence du fameux royaliste, baron de Batz.<\/p>\n\n\n\n<p>Les droits de justice pass\u00e8rent du roi Robert le Pieux \u00e0 l&rsquo;abbaye de Saint-Magloire en m\u00eame temps que la seigneurie ; cette justice haute, moyenne et basse s&rsquo;exer\u00e7ait au ch\u00e2teau o\u00f9 il y avait une salle d&rsquo;audience, une ge\u00f4le et une morgue. <strong><em>Les gibets se dressaient hors du village, \u00e0 l&rsquo;endroit o\u00f9 passe aujourd&rsquo;hui la rue de la Justice qui conduit du Boulevard Mortier \u00e0 la rue du Surmelin<\/em><\/strong> ; le carcan pour les peines l\u00e9g\u00e8res se trouvait sur la petite place d\u00e9nomm\u00e9e maintenant place des Gr\u00e8s, que traversent les rues Vitruve (rue au Maire entre la rue Saint-Biaise et le Boulevard Davout) et Saint-Blaise.<\/p>\n\n\n\n<p class=\"has-text-align-right\">Lucien Lambeau. <em><a rel=\"noreferrer noopener\" href=\"https:\/\/www.persee.fr\/doc\/jds_0021-8103_1922_num_20_3_5275\" target=\"_blank\">Histoire des Communes annex\u00e9es \u00e0 Paris en 1859, publi\u00e9e sous les auspices du Conseil g\u00e9n\u00e9ral : Charonne<\/a><\/em>. Ann\u00e9e 1922 pp. 124-129.<\/p>\n","protected":false},"excerpt":{"rendered":"<p>Du \u00ab\u00a0sentier des vaches\u00a0\u00bb &#8230; Le tron\u00e7on rue du Surmelin &#8211; boulevard Mortier est une partie de l&rsquo;ancien \u00ab&nbsp;sentier des Vaches&nbsp;\u00bb, appel\u00e9 plus tard \u00ab&nbsp;sentier de la Justice&nbsp;\u00bb, car il aboutissait \u00e0 la justice de la seigneurie de Charonne dont les \u00e9chelles patibulaires et les gibets \u00e9taient dress\u00e9s entre les lieux-dits Montib\u0153ufs, les Gouvieux et [&hellip;]<\/p>\n","protected":false},"author":1,"featured_media":111,"parent":0,"menu_order":0,"comment_status":"closed","ping_status":"closed","template":"","meta":{"footnotes":""},"class_list":["post-17","page","type-page","status-publish","has-post-thumbnail","hentry"],"_links":{"self":[{"href":"https:\/\/copro-24justice-paris.fr\/index.php?rest_route=\/wp\/v2\/pages\/17","targetHints":{"allow":["GET"]}}],"collection":[{"href":"https:\/\/copro-24justice-paris.fr\/index.php?rest_route=\/wp\/v2\/pages"}],"about":[{"href":"https:\/\/copro-24justice-paris.fr\/index.php?rest_route=\/wp\/v2\/types\/page"}],"author":[{"embeddable":true,"href":"https:\/\/copro-24justice-paris.fr\/index.php?rest_route=\/wp\/v2\/users\/1"}],"replies":[{"embeddable":true,"href":"https:\/\/copro-24justice-paris.fr\/index.php?rest_route=%2Fwp%2Fv2%2Fcomments&post=17"}],"version-history":[{"count":24,"href":"https:\/\/copro-24justice-paris.fr\/index.php?rest_route=\/wp\/v2\/pages\/17\/revisions"}],"predecessor-version":[{"id":336,"href":"https:\/\/copro-24justice-paris.fr\/index.php?rest_route=\/wp\/v2\/pages\/17\/revisions\/336"}],"wp:featuredmedia":[{"embeddable":true,"href":"https:\/\/copro-24justice-paris.fr\/index.php?rest_route=\/wp\/v2\/media\/111"}],"wp:attachment":[{"href":"https:\/\/copro-24justice-paris.fr\/index.php?rest_route=%2Fwp%2Fv2%2Fmedia&parent=17"}],"curies":[{"name":"wp","href":"https:\/\/api.w.org\/{rel}","templated":true}]}}